{"id":8498,"date":"2025-08-19T16:56:11","date_gmt":"2025-08-19T14:56:11","guid":{"rendered":"https:\/\/www.solar-depot.lu\/produit\/das-solar-500w-topcon-bi-glas-black-pro\/"},"modified":"2026-02-20T17:06:41","modified_gmt":"2026-02-20T16:06:41","slug":"das-solar-500w-topcon-bi-glas-black-pro","status":"publish","type":"product","link":"https:\/\/www.solar-depot.lu\/de\/produit\/das-solar-500w-topcon-bi-glas-black-pro\/","title":{"rendered":"DAS SOLAR 500W TOPCON Bi-Glas BLACK PRO"},"content":{"rendered":"","protected":false},"excerpt":{"rendered":"<p><strong data-start=\"121\" data-end=\"136\">DAS Solar stellt das DAS-DH108NE<\/strong> vor, ein transparentes bifaziales Glas-Glas Solarmodul mit einer Leistung von <strong data-start=\"211\" data-end=\"221\">500 Wp<\/strong>, das auf der <strong data-start=\"247\" data-end=\"264\">TOPCon N Type<\/strong> Technologie basiert.<\/p>\n<p>Dank seiner Bifazialit\u00e4t kann es im Vergleich zu einem herk\u00f6mmlichen Solarmodul bis zu <strong data-start=\"316\" data-end=\"353\">30 % mehr Ertrag<\/strong> generieren.<br \/>\n<br data-start=\"265\" data-end=\"268\" \/><br data-start=\"404\" data-end=\"407\" \/>Das Modul ist <strong data-start=\"416\" data-end=\"424\">PPE2-zertifiziert<\/strong> und hat einen geringen CO2-Fu\u00dfabdruck. Es ist eine ideale L\u00f6sung sowohl f\u00fcr <strong data-start=\"524\" data-end=\"540\">Wohn-<\/strong> als auch f\u00fcr <strong data-start=\"545\" data-end=\"559\">Dienstleistungsprojekte<\/strong>.<\/p>\n","protected":false},"featured_media":7970,"template":"","meta":{"editor_plus_copied_stylings":"{}"},"product_brand":[983],"product_cat":[164],"product_tag":[],"class_list":{"0":"post-8498","1":"product","2":"type-product","3":"status-publish","4":"has-post-thumbnail","6":"product_brand-das-solar","7":"product_cat-non-classe-de-2","9":"first","10":"instock","11":"taxable","12":"shipping-taxable","13":"purchasable","14":"product-type-simple"},"acf":[],"yoast_head":"<!-- This site is optimized with the Yoast SEO Premium plugin v22.0 (Yoast SEO v27.5) - https:\/\/yoast.com\/product\/yoast-seo-premium-wordpress\/ -->\n<title>DAS SOLAR 500W TOPCON Bi-Glas BLACK PRO<\/title>\n<meta name=\"description\" content=\"DAS Solar stellt das DAS-DH108NE vor, ein transparentes bifaziales Glas-Glas Solarmodul mit einer Leistung von 500 Wp, das auf der TOPCon N Type Technologie basiert.\" \/>\n<meta name=\"robots\" content=\"index, follow, max-snippet:-1, max-image-preview:large, max-video-preview:-1\" \/>\n<link rel=\"canonical\" href=\"https:\/\/www.solar-depot.lu\/de\/produit\/das-solar-500w-topcon-bi-glas-black-pro\/\" \/>\n<meta property=\"og:locale\" content=\"de_DE\" \/>\n<meta property=\"og:type\" content=\"article\" \/>\n<meta property=\"og:title\" content=\"DAS SOLAR 500W TOPCON Bi-Glas BLACK PRO\" \/>\n<meta property=\"og:description\" content=\"DAS Solar stellt das DAS-DH108NE vor, ein transparentes bifaziales Glas-Glas Solarmodul mit einer Leistung von 500 Wp, das auf der TOPCon N Type Technologie basiert.\" \/>\n<meta property=\"og:url\" content=\"https:\/\/www.solar-depot.lu\/de\/produit\/das-solar-500w-topcon-bi-glas-black-pro\/\" \/>\n<meta property=\"og:site_name\" content=\"SOLAR DEPOT\" \/>\n<meta property=\"article:modified_time\" content=\"2026-02-20T16:06:41+00:00\" \/>\n<meta property=\"og:image\" content=\"https:\/\/www.solar-depot.lu\/wp-content\/uploads\/2025\/08\/500w.png\" \/>\n\t<meta property=\"og:image:width\" content=\"1\" \/>\n\t<meta property=\"og:image:height\" content=\"1\" \/>\n\t<meta property=\"og:image:type\" content=\"image\/png\" \/>\n<meta name=\"twitter:card\" content=\"summary_large_image\" \/>\n<meta name=\"twitter:label1\" content=\"Gesch\u00e4tzte Lesezeit\" \/>\n\t<meta name=\"twitter:data1\" content=\"1\u00a0Minute\" \/>\n<script type=\"application\/ld+json\" class=\"yoast-schema-graph\">{\"@context\":\"https:\\\/\\\/schema.org\",\"@graph\":[{\"@type\":\"WebPage\",\"@id\":\"https:\\\/\\\/www.solar-depot.lu\\\/de\\\/produit\\\/das-solar-500w-topcon-bi-glas-black-pro\\\/\",\"url\":\"https:\\\/\\\/www.solar-depot.lu\\\/de\\\/produit\\\/das-solar-500w-topcon-bi-glas-black-pro\\\/\",\"name\":\"DAS SOLAR 500W TOPCON Bi-Glas BLACK PRO\",\"isPartOf\":{\"@id\":\"https:\\\/\\\/www.solar-depot.lu\\\/de\\\/#website\"},\"primaryImageOfPage\":{\"@id\":\"https:\\\/\\\/www.solar-depot.lu\\\/de\\\/produit\\\/das-solar-500w-topcon-bi-glas-black-pro\\\/#primaryimage\"},\"image\":{\"@id\":\"https:\\\/\\\/www.solar-depot.lu\\\/de\\\/produit\\\/das-solar-500w-topcon-bi-glas-black-pro\\\/#primaryimage\"},\"thumbnailUrl\":\"https:\\\/\\\/www.solar-depot.lu\\\/wp-content\\\/uploads\\\/2025\\\/08\\\/500w.png\",\"datePublished\":\"2025-08-19T14:56:11+00:00\",\"dateModified\":\"2026-02-20T16:06:41+00:00\",\"description\":\"DAS Solar stellt das DAS-DH108NE vor, ein transparentes bifaziales Glas-Glas Solarmodul mit einer Leistung von 500 Wp, das auf der TOPCon N Type Technologie basiert.\",\"breadcrumb\":{\"@id\":\"https:\\\/\\\/www.solar-depot.lu\\\/de\\\/produit\\\/das-solar-500w-topcon-bi-glas-black-pro\\\/#breadcrumb\"},\"inLanguage\":\"de\",\"potentialAction\":[{\"@type\":\"ReadAction\",\"target\":[\"https:\\\/\\\/www.solar-depot.lu\\\/de\\\/produit\\\/das-solar-500w-topcon-bi-glas-black-pro\\\/\"]}]},{\"@type\":\"ImageObject\",\"inLanguage\":\"de\",\"@id\":\"https:\\\/\\\/www.solar-depot.lu\\\/de\\\/produit\\\/das-solar-500w-topcon-bi-glas-black-pro\\\/#primaryimage\",\"url\":\"https:\\\/\\\/www.solar-depot.lu\\\/wp-content\\\/uploads\\\/2025\\\/08\\\/500w.png\",\"contentUrl\":\"https:\\\/\\\/www.solar-depot.lu\\\/wp-content\\\/uploads\\\/2025\\\/08\\\/500w.png\"},{\"@type\":\"BreadcrumbList\",\"@id\":\"https:\\\/\\\/www.solar-depot.lu\\\/de\\\/produit\\\/das-solar-500w-topcon-bi-glas-black-pro\\\/#breadcrumb\",\"itemListElement\":[{\"@type\":\"ListItem\",\"position\":1,\"name\":\"Startseite\",\"item\":\"https:\\\/\\\/www.solar-depot.lu\\\/de\\\/\"},{\"@type\":\"ListItem\",\"position\":2,\"name\":\"DAS SOLAR 500W TOPCON Bi-Glas BLACK PRO\"}]},{\"@type\":\"WebSite\",\"@id\":\"https:\\\/\\\/www.solar-depot.lu\\\/de\\\/#website\",\"url\":\"https:\\\/\\\/www.solar-depot.lu\\\/de\\\/\",\"name\":\"SOLAR DEPOT\",\"description\":\"Solar Depot, l&#039;\u00e9nergie solaire \u00e0 emporter chez vous !\",\"publisher\":{\"@id\":\"https:\\\/\\\/www.solar-depot.lu\\\/de\\\/#organization\"},\"potentialAction\":[{\"@type\":\"SearchAction\",\"target\":{\"@type\":\"EntryPoint\",\"urlTemplate\":\"https:\\\/\\\/www.solar-depot.lu\\\/de\\\/?s={search_term_string}\"},\"query-input\":{\"@type\":\"PropertyValueSpecification\",\"valueRequired\":true,\"valueName\":\"search_term_string\"}}],\"inLanguage\":\"de\"},{\"@type\":\"Organization\",\"@id\":\"https:\\\/\\\/www.solar-depot.lu\\\/de\\\/#organization\",\"name\":\"SOLAR DEPOT\",\"url\":\"https:\\\/\\\/www.solar-depot.lu\\\/de\\\/\",\"logo\":{\"@type\":\"ImageObject\",\"inLanguage\":\"de\",\"@id\":\"https:\\\/\\\/www.solar-depot.lu\\\/de\\\/#\\\/schema\\\/logo\\\/image\\\/\",\"url\":\"https:\\\/\\\/www.solar-depot.lu\\\/wp-content\\\/uploads\\\/2023\\\/08\\\/ege-depot-sans-fond.png\",\"contentUrl\":\"https:\\\/\\\/www.solar-depot.lu\\\/wp-content\\\/uploads\\\/2023\\\/08\\\/ege-depot-sans-fond.png\",\"width\":1696,\"height\":536,\"caption\":\"SOLAR DEPOT\"},\"image\":{\"@id\":\"https:\\\/\\\/www.solar-depot.lu\\\/de\\\/#\\\/schema\\\/logo\\\/image\\\/\"}}]}<\/script>\n<!-- \/ Yoast SEO Premium plugin. -->","yoast_head_json":{"title":"DAS SOLAR 500W TOPCON Bi-Glas BLACK PRO","description":"DAS Solar stellt das DAS-DH108NE vor, ein transparentes bifaziales Glas-Glas Solarmodul mit einer Leistung von 500 Wp, das auf der TOPCon N Type Technologie basiert.","robots":{"index":"index","follow":"follow","max-snippet":"max-snippet:-1","max-image-preview":"max-image-preview:large","max-video-preview":"max-video-preview:-1"},"canonical":"https:\/\/www.solar-depot.lu\/de\/produit\/das-solar-500w-topcon-bi-glas-black-pro\/","og_locale":"de_DE","og_type":"article","og_title":"DAS SOLAR 500W TOPCON Bi-Glas BLACK PRO","og_description":"DAS Solar stellt das DAS-DH108NE vor, ein transparentes bifaziales Glas-Glas Solarmodul mit einer Leistung von 500 Wp, das auf der TOPCon N Type Technologie basiert.","og_url":"https:\/\/www.solar-depot.lu\/de\/produit\/das-solar-500w-topcon-bi-glas-black-pro\/","og_site_name":"SOLAR DEPOT","article_modified_time":"2026-02-20T16:06:41+00:00","og_image":[{"url":"https:\/\/www.solar-depot.lu\/wp-content\/uploads\/2025\/08\/500w.png","width":1,"height":1,"type":"image\/png"}],"twitter_card":"summary_large_image","twitter_misc":{"Gesch\u00e4tzte Lesezeit":"1\u00a0Minute"},"schema":{"@context":"https:\/\/schema.org","@graph":[{"@type":"WebPage","@id":"https:\/\/www.solar-depot.lu\/de\/produit\/das-solar-500w-topcon-bi-glas-black-pro\/","url":"https:\/\/www.solar-depot.lu\/de\/produit\/das-solar-500w-topcon-bi-glas-black-pro\/","name":"DAS SOLAR 500W TOPCON Bi-Glas BLACK PRO","isPartOf":{"@id":"https:\/\/www.solar-depot.lu\/de\/#website"},"primaryImageOfPage":{"@id":"https:\/\/www.solar-depot.lu\/de\/produit\/das-solar-500w-topcon-bi-glas-black-pro\/#primaryimage"},"image":{"@id":"https:\/\/www.solar-depot.lu\/de\/produit\/das-solar-500w-topcon-bi-glas-black-pro\/#primaryimage"},"thumbnailUrl":"https:\/\/www.solar-depot.lu\/wp-content\/uploads\/2025\/08\/500w.png","datePublished":"2025-08-19T14:56:11+00:00","dateModified":"2026-02-20T16:06:41+00:00","description":"DAS Solar stellt das DAS-DH108NE vor, ein transparentes bifaziales Glas-Glas Solarmodul mit einer Leistung von 500 Wp, das auf der TOPCon N Type Technologie basiert.","breadcrumb":{"@id":"https:\/\/www.solar-depot.lu\/de\/produit\/das-solar-500w-topcon-bi-glas-black-pro\/#breadcrumb"},"inLanguage":"de","potentialAction":[{"@type":"ReadAction","target":["https:\/\/www.solar-depot.lu\/de\/produit\/das-solar-500w-topcon-bi-glas-black-pro\/"]}]},{"@type":"ImageObject","inLanguage":"de","@id":"https:\/\/www.solar-depot.lu\/de\/produit\/das-solar-500w-topcon-bi-glas-black-pro\/#primaryimage","url":"https:\/\/www.solar-depot.lu\/wp-content\/uploads\/2025\/08\/500w.png","contentUrl":"https:\/\/www.solar-depot.lu\/wp-content\/uploads\/2025\/08\/500w.png"},{"@type":"BreadcrumbList","@id":"https:\/\/www.solar-depot.lu\/de\/produit\/das-solar-500w-topcon-bi-glas-black-pro\/#breadcrumb","itemListElement":[{"@type":"ListItem","position":1,"name":"Startseite","item":"https:\/\/www.solar-depot.lu\/de\/"},{"@type":"ListItem","position":2,"name":"DAS SOLAR 500W TOPCON Bi-Glas BLACK PRO"}]},{"@type":"WebSite","@id":"https:\/\/www.solar-depot.lu\/de\/#website","url":"https:\/\/www.solar-depot.lu\/de\/","name":"SOLAR DEPOT","description":"Solar Depot, l&#039;\u00e9nergie solaire \u00e0 emporter chez vous !","publisher":{"@id":"https:\/\/www.solar-depot.lu\/de\/#organization"},"potentialAction":[{"@type":"SearchAction","target":{"@type":"EntryPoint","urlTemplate":"https:\/\/www.solar-depot.lu\/de\/?s={search_term_string}"},"query-input":{"@type":"PropertyValueSpecification","valueRequired":true,"valueName":"search_term_string"}}],"inLanguage":"de"},{"@type":"Organization","@id":"https:\/\/www.solar-depot.lu\/de\/#organization","name":"SOLAR DEPOT","url":"https:\/\/www.solar-depot.lu\/de\/","logo":{"@type":"ImageObject","inLanguage":"de","@id":"https:\/\/www.solar-depot.lu\/de\/#\/schema\/logo\/image\/","url":"https:\/\/www.solar-depot.lu\/wp-content\/uploads\/2023\/08\/ege-depot-sans-fond.png","contentUrl":"https:\/\/www.solar-depot.lu\/wp-content\/uploads\/2023\/08\/ege-depot-sans-fond.png","width":1696,"height":536,"caption":"SOLAR DEPOT"},"image":{"@id":"https:\/\/www.solar-depot.lu\/de\/#\/schema\/logo\/image\/"}}]}},"_links":{"self":[{"href":"https:\/\/www.solar-depot.lu\/de\/wp-json\/wp\/v2\/product\/8498","targetHints":{"allow":["GET"]}}],"collection":[{"href":"https:\/\/www.solar-depot.lu\/de\/wp-json\/wp\/v2\/product"}],"about":[{"href":"https:\/\/www.solar-depot.lu\/de\/wp-json\/wp\/v2\/types\/product"}],"wp:featuredmedia":[{"embeddable":true,"href":"https:\/\/www.solar-depot.lu\/de\/wp-json\/wp\/v2\/media\/7970"}],"wp:attachment":[{"href":"https:\/\/www.solar-depot.lu\/de\/wp-json\/wp\/v2\/media?parent=8498"}],"wp:term":[{"taxonomy":"product_brand","embeddable":true,"href":"https:\/\/www.solar-depot.lu\/de\/wp-json\/wp\/v2\/product_brand?post=8498"},{"taxonomy":"product_cat","embeddable":true,"href":"https:\/\/www.solar-depot.lu\/de\/wp-json\/wp\/v2\/product_cat?post=8498"},{"taxonomy":"product_tag","embeddable":true,"href":"https:\/\/www.solar-depot.lu\/de\/wp-json\/wp\/v2\/product_tag?post=8498"}],"curies":[{"name":"wp","href":"https:\/\/api.w.org\/{rel}","templated":true}]}}